{"id":9655,"date":"2026-09-03T07:53:38","date_gmt":"2026-09-03T13:53:38","guid":{"rendered":"https:\/\/citedesrocheuses.com\/?post_type=tribe_events&#038;p=9655"},"modified":"2026-09-03T07:57:11","modified_gmt":"2026-09-03T13:57:11","slug":"ccf26-damien-robitaille-meera-sylvain","status":"publish","type":"tribe_events","link":"https:\/\/citedesrocheuses.com\/en\/evenement\/ccf26-damien-robitaille-meera-sylvain\/","title":{"rendered":"CCF26 : Damien Robitaille &#8211; Meera Sylvain"},"content":{"rendered":"<p>[et_pb_section fb_built=\u00a0\u00bb1&Prime; _builder_version=\u00a0\u00bb4.16&Prime; collapsed=\u00a0\u00bboff\u00a0\u00bb global_colors_info=\u00a0\u00bb{}\u00a0\u00bb][et_pb_row _builder_version=\u00a0\u00bb4.20.2&Prime; _module_preset=\u00a0\u00bbdefault\u00a0\u00bb locked=\u00a0\u00bboff\u00a0\u00bb global_colors_info=\u00a0\u00bb{}\u00a0\u00bb][et_pb_column type=\u00a0\u00bb4_4&Prime; _builder_version=\u00a0\u00bb4.20.2&Prime; _module_preset=\u00a0\u00bbdefault\u00a0\u00bb global_colors_info=\u00a0\u00bb{}\u00a0\u00bb][et_pb_button button_url=\u00a0\u00bbhttps:\/\/lepointdevente.com\/cite-des-rocheuses\u00a0\u00bb button_text=\u00a0\u00bbBilletterie\u00a0\u00bb _builder_version=\u00a0\u00bb4.27.7&Prime; _module_preset=\u00a0\u00bbdefault\u00a0\u00bb global_colors_info=\u00a0\u00bb{}\u00a0\u00bb][\/et_pb_button][\/et_pb_column][\/et_pb_row][et_pb_row column_structure=\u00a0\u00bb2_3,1_3&Prime; _builder_version=\u00a0\u00bb4.16&Prime; background_size=\u00a0\u00bbinitial\u00a0\u00bb background_position=\u00a0\u00bbtop_left\u00a0\u00bb background_repeat=\u00a0\u00bbrepeat\u00a0\u00bb global_colors_info=\u00a0\u00bb{}\u00a0\u00bb][et_pb_column type=\u00a0\u00bb2_3&Prime; _builder_version=\u00a0\u00bb4.16&Prime; custom_padding=\u00a0\u00bb|||\u00a0\u00bb global_colors_info=\u00a0\u00bb{}\u00a0\u00bb custom_padding__hover=\u00a0\u00bb|||\u00a0\u00bb][et_pb_text _builder_version=\u00a0\u00bb4.27.7&Prime; _module_preset=\u00a0\u00bbdefault\u00a0\u00bb global_colors_info=\u00a0\u00bb{}\u00a0\u00bb]<\/p>\n<h1>Coup de Coeur francophone 2026<\/h1>\n<p>[\/et_pb_text][et_pb_text _builder_version=\u00a0\u00bb4.27.7&Prime; background_size=\u00a0\u00bbinitial\u00a0\u00bb background_position=\u00a0\u00bbtop_left\u00a0\u00bb background_repeat=\u00a0\u00bbrepeat\u00a0\u00bb hover_enabled=\u00a0\u00bb0&Prime; global_colors_info=\u00a0\u00bb{}\u00a0\u00bb sticky_enabled=\u00a0\u00bb0&Prime;]<\/p>\n<h2><span style=\"color: #800000;\"><strong>Damien Robitaille \u2014 avec Meera Sylvain<\/strong><\/span><\/h2>\n<p><strong>La chanson francophone prend la route et fait escale \u00e0 Calgary!<\/strong><\/p>\n<p>Depuis sa cr\u00e9ation \u00e0 Montr\u00e9al en 1987, <strong>Coup de c\u0153ur francophone<\/strong> c\u00e9l\u00e8bre la chanson dans toute sa diversit\u00e9 et favorise la d\u00e9couverte de nouvelles voix, de nouveaux univers et de nouvelles fa\u00e7ons de faire vivre la musique francophone.<\/p>\n<p>Chaque ann\u00e9e en novembre, le festival investit Montr\u00e9al et pr\u00e8s de <strong>45 villes canadiennes<\/strong>, r\u00e9unissant des artistes de la sc\u00e8ne nationale et internationale autour d\u2019une programmation tourn\u00e9e vers <strong>l\u2019\u00e9mergence, l\u2019audace et la cr\u00e9ation<\/strong>.<\/p>\n<p>\u00c0 Calgary, cette grande aventure de la chanson francophone se poursuit avec <strong>Damien Robitaille<\/strong>, accompagn\u00e9 en premi\u00e8re partie de <strong>Meera Sylvain<\/strong>.<\/p>\n<p>Damien Robitaille<\/p>\n<p>Auteur-compositeur-interpr\u00e8te reconnu pour son humour, son \u00e9nergie d\u00e9bordante et ses chansons aussi intelligentes qu\u2019irr\u00e9sistibles, <strong>Damien Robitaille<\/strong> est devenu une figure incontournable de la chanson francophone au Canada.<\/p>\n<p>Sur sc\u00e8ne, il propose un spectacle g\u00e9n\u00e9reux, dr\u00f4le et rassembleur, o\u00f9 la chanson c\u00f4toie l\u2019humour et o\u00f9 chaque morceau devient une invitation \u00e0 chanter, sourire et c\u00e9l\u00e9brer la musique.<\/p>\n<p>Meera Sylvain en premi\u00e8re partie<\/p>\n<p>La soir\u00e9e d\u00e9butera avec <strong>Meera Sylvain<\/strong>, qui viendra pr\u00e9senter son univers musical et ouvrir la sc\u00e8ne \u00e0 une nouvelle voix de la chanson francophone.<\/p>\n<p>Une premi\u00e8re partie qui s\u2019inscrit pleinement dans l\u2019esprit de <strong>Coup de c\u0153ur francophone : faire d\u00e9couvrir les artistes d\u2019aujourd\u2019hui et de demain et cr\u00e9er des rencontres entre les publics et la cr\u00e9ation francophone<\/strong>.<\/p>\n<p>Une aventure pancanadienne<\/p>\n<p>Cr\u00e9\u00e9 en 1995, le volet <strong>festival itin\u00e9rant<\/strong> de Coup de c\u0153ur francophone s\u2019appuie sur un <strong>R\u00e9seau pancanadien<\/strong> qui rassemble aujourd\u2019hui dix partenaires au c\u0153ur des communaut\u00e9s francophones.<\/p>\n<p>D\u2019un oc\u00e9an \u00e0 l\u2019autre, sur six fuseaux horaires, ce r\u00e9seau permet chaque ann\u00e9e \u00e0 environ <strong>200 spectacles<\/strong> de circuler de l\u2019Atlantique au Pacifique. Il offre une vitrine \u00e0 la cr\u00e9ation francophone et facilite la circulation des artistes, notamment ceux issus des communaut\u00e9s francophones en situation minoritaire.<\/p>\n<p><strong>Coup de c\u0153ur francophone, c\u2019est donc bien plus qu\u2019un festival : c\u2019est une grande travers\u00e9e de la chanson francophone.<\/strong> Une occasion de faire circuler les artistes, de rapprocher les publics et de faire d\u00e9couvrir la richesse et la diversit\u00e9 de la cr\u00e9ation francophone partout au pays.<\/p>\n<p>Et cette ann\u00e9e, <strong>Calgary est de la partie!<\/strong><\/p>\n<p>Une soir\u00e9e \u00e0 ne pas manquer<\/p>\n<p>Que vous soyez un fid\u00e8le de la chanson francophone ou simplement curieux de d\u00e9couvrir des artistes qui font vibrer la sc\u00e8ne francophone canadienne, cette soir\u00e9e est une belle occasion de <strong>sortir, \u00e9couter, rire, chanter et c\u00e9l\u00e9brer la musique francophone<\/strong>.<\/p>\n<p><strong>Damien Robitaille<\/strong><\/p>\n<p><em>Avec Meera Sylvain en premi\u00e8re partie<\/em><\/p>\n<p>\ud83d\udccd <strong>La Cit\u00e9 des Rocheuses \u2014 Calgary<\/strong><\/p>\n<p>\ud83c\udfb6 <strong>Dans le cadre de Coup de c\u0153ur francophone<\/strong><\/p>\n<p>[\/et_pb_text][et_pb_code _builder_version=\u00a0\u00bb4.27.7&Prime; _module_preset=\u00a0\u00bbdefault\u00a0\u00bb global_colors_info=\u00a0\u00bb{}\u00a0\u00bb]<\/p>\n<div style=\"position:relative;padding-bottom:177.78%;height:0;overflow:hidden;max-width:100%;\"><!-- [et_pb_line_break_holder] -->  <iframe <!-- [et_pb_line_break_holder] -->    src=\u00a0\u00bbhttps:\/\/www.youtube.com\/embed\/QH4Az0pw7NE\u00a0\u00bb<!-- [et_pb_line_break_holder] -->    title=\u00a0\u00bbYouTube Short\u00a0\u00bb<!-- [et_pb_line_break_holder] -->    style=\u00a0\u00bbposition:absolute;top:0;left:0;width:100%;height:100%;border:0;\u00a0\u00bb<!-- [et_pb_line_break_holder] -->    allow=\u00a0\u00bbaccelerometer; autoplay; clipboard-write; encrypted-media; gyroscope; picture-in-picture; web-share\u00a0\u00bb<!-- [et_pb_line_break_holder] -->    allowfullscreen><!-- [et_pb_line_break_holder] -->  <\/iframe><!-- [et_pb_line_break_holder] --><\/div>\n<p>[\/et_pb_code][\/et_pb_column][et_pb_column type=\u00a0\u00bb1_3&Prime; _builder_version=\u00a0\u00bb4.16&Prime; custom_padding=\u00a0\u00bb|||\u00a0\u00bb global_colors_info=\u00a0\u00bb{}\u00a0\u00bb custom_padding__hover=\u00a0\u00bb|||\u00a0\u00bb][et_pb_text disabled_on=\u00a0\u00bbon|on|on\u00a0\u00bb _builder_version=\u00a0\u00bb4.22.1&Prime; _module_preset=\u00a0\u00bbdefault\u00a0\u00bb disabled=\u00a0\u00bbon\u00a0\u00bb global_colors_info=\u00a0\u00bb{}\u00a0\u00bb]<\/p>\n<p>&nbsp;<\/p>\n<p>&nbsp;<\/p>\n<p>[\/et_pb_text][et_pb_text disabled_on=\u00a0\u00bbon|on|on\u00a0\u00bb _builder_version=\u00a0\u00bb4.22.1&Prime; _module_preset=\u00a0\u00bbdefault\u00a0\u00bb disabled=\u00a0\u00bbon\u00a0\u00bb global_colors_info=\u00a0\u00bb{}\u00a0\u00bb]<\/p>\n<p style=\"text-align: center;\"><strong>Spectacle anim\u00e9 par Fuat Seker<\/strong><\/p>\n<p>[\/et_pb_text][et_pb_image src=\u00a0\u00bbhttps:\/\/citedesrocheuses.com\/wp-content\/uploads\/2023\/09\/IciTele_TJ-ALB-Duo_300x450.jpg\u00a0\u00bb title_text=\u00a0\u00bbIciTe\u0301le\u0301_TJ-ALB-Duo_300x450&Prime; disabled_on=\u00a0\u00bbon|on|on\u00a0\u00bb _builder_version=\u00a0\u00bb4.23&Prime; _module_preset=\u00a0\u00bbdefault\u00a0\u00bb disabled=\u00a0\u00bbon\u00a0\u00bb global_colors_info=\u00a0\u00bb{}\u00a0\u00bb][\/et_pb_image][et_pb_text disabled_on=\u00a0\u00bbon|on|on\u00a0\u00bb _builder_version=\u00a0\u00bb4.22.1&Prime; _module_preset=\u00a0\u00bbdefault\u00a0\u00bb disabled=\u00a0\u00bbon\u00a0\u00bb global_colors_info=\u00a0\u00bb{}\u00a0\u00bb]<\/p>\n<p style=\"text-align: center;\">votre journaliste au t\u00e9l\u00e9journal le week-end.<\/p>\n<p>[\/et_pb_text][\/et_pb_column][\/et_pb_row][\/et_pb_section]<\/p>\n","protected":false},"excerpt":{"rendered":"<p>D\u00e9couvrez Coup de c\u0153ur francophone \u00e0 Calgary avec Damien Robitaille et Meera Sylvain. Une soir\u00e9e de musique francophone, d\u2019humour et de d\u00e9couverte \u00e0 La Cit\u00e9 des Rocheuses.<\/p>","protected":false},"author":1,"featured_media":9659,"template":"","meta":{"_et_pb_use_builder":"on","_et_pb_old_content":"<p>Humoriste britannique, Paul Taylor vit \u00e0 Paris depuis 2009. Passionn\u00e9 de stand-up, il fait ses d\u00e9buts sur sc\u00e8ne en 2016 avec son premier spectacle bilingue \u00ab\u00a0<i><strong>#FRANGLAIS<\/strong><\/i>\u00a0\u00bb. Un show dans lequel il nous fait partager ses exp\u00e9riences d\u2019expatri\u00e9 en France, souvent li\u00e9es aux quiproquos linguistiques.<\/p><p>Entre 2016 et 2019, Paul a \u00e9galement cr\u00e9\u00e9 du contenu audiovisuel pour le groupe Canal +, d\u2019abord avec ses programmes courts \u00ab\u00a0<i><strong>What The Fuck France<\/strong><\/i>\u00a0\u00bb et \u00ab\u00a0<i><strong>What\u2019s Up France<\/strong><\/i><strong>\u00a0<\/strong>\u00bb, puis avec sa s\u00e9rie documentaire \u00ab\u00a0<i><strong>Stereotrip<\/strong><\/i><strong>\u00a0<\/strong>\u00bb. Sa marque de fabrique : d\u00e9crypter avec un humour d\u00e9capant, mais toujours bienveillant, les petites manies et habitudes culturelles des Fran\u00e7ais et de nos voisins europ\u00e9ens\u00a0! Gr\u00e2ce \u00e0 ces formats, Paul devient tr\u00e8s vite un ph\u00e9nom\u00e8ne sur les r\u00e9seaux sociaux. Pr\u00e8s de\u00a0<strong>200 millions<\/strong>\u00a0de vues cumul\u00e9es, des milliers d\u2019abonn\u00e9s sur Instagram, Facebook ou encore YouTube. Il se transforme \u00e9galement en humoriste \u00e0 succ\u00e8s, remplissant les salles les plus prestigieuses \u00e0 Paris, en France et partout dans le monde.<\/p><p>Son deuxi\u00e8me spectacle \u00ab\u00a0<strong><em>So British ou presque<\/em><\/strong>\u00a0\u00bb d\u00e9bute alors en octobre 2019 et aborde des sujets plus personnels comme la parentalit\u00e9 et la crise d\u2019identit\u00e9. Apr\u00e8s un arr\u00eat brutal \u00e0 cause de la crise sanitaire du Covid-19, Les repr\u00e9sentations reprennent, le succ\u00e8s est \u00e0 nouveau au rendez-vous. Paul jouera \u00ab\u00a0So British\u2026\u00a0\u00bb et affichera\u00a0<strong>COMPLET<\/strong>\u00a0au\u00a0<strong>Grand Rex<\/strong>\u00a0\u00e0 Paris ou encore\u00a0<strong>l\u2019O2 Sheperd\u2019s Bush Empire<\/strong>\u00a0\u00e0 Londres, salle o\u00f9 il fera la captation de son spectacle, disponible d\u00e8s \u00e0 pr\u00e9sent sur Youtube en int\u00e9gralit\u00e9.<\/p><p>Fin 2022, il d\u00e9cide de lancer son troisi\u00e8me spectacle, \u00ab\u00a0<strong>Bisou Bye\u00a0x<\/strong>\u00a0\u00bb. D\u2019abord en rodage \u00e0 la Scala Paris, lors de 19 repr\u00e9sentations affichant COMPLET, il a ensuite\u00a0<strong>f\u00eat\u00e9 ses 10 ans de carri\u00e8re \u00e0 la Cigale, le 4 janvier 2023<\/strong>\u00a0! Il sera \u00e0 la Nouvelle Eve du 19 janvier au 1er\u00a0avril 2023, puis partira en tourn\u00e9e dans le monde entier\u00a0! Le ph\u00e9nom\u00e8ne Taylor n\u2019en est qu\u2019\u00e0 son d\u00e9but.<\/p>","_et_gb_content_width":"","_tribe_events_status":"","_tribe_events_status_reason":"","footnotes":""},"tags":[],"tribe_events_cat":[56,43],"class_list":["post-9655","tribe_events","type-tribe_events","status-publish","has-post-thumbnail","hentry","tribe_events_cat-cite-des-rocheuses","tribe_events_cat-musique","cat_cite-des-rocheuses","cat_musique"],"_links":{"self":[{"href":"https:\/\/citedesrocheuses.com\/en\/wp-json\/wp\/v2\/tribe_events\/9655","targetHints":{"allow":["GET"]}}],"collection":[{"href":"https:\/\/citedesrocheuses.com\/en\/wp-json\/wp\/v2\/tribe_events"}],"about":[{"href":"https:\/\/citedesrocheuses.com\/en\/wp-json\/wp\/v2\/types\/tribe_events"}],"author":[{"embeddable":true,"href":"https:\/\/citedesrocheuses.com\/en\/wp-json\/wp\/v2\/users\/1"}],"version-history":[{"count":5,"href":"https:\/\/citedesrocheuses.com\/en\/wp-json\/wp\/v2\/tribe_events\/9655\/revisions"}],"predecessor-version":[{"id":9664,"href":"https:\/\/citedesrocheuses.com\/en\/wp-json\/wp\/v2\/tribe_events\/9655\/revisions\/9664"}],"wp:featuredmedia":[{"embeddable":true,"href":"https:\/\/citedesrocheuses.com\/en\/wp-json\/wp\/v2\/media\/9659"}],"wp:attachment":[{"href":"https:\/\/citedesrocheuses.com\/en\/wp-json\/wp\/v2\/media?parent=9655"}],"wp:term":[{"taxonomy":"post_tag","embeddable":true,"href":"https:\/\/citedesrocheuses.com\/en\/wp-json\/wp\/v2\/tags?post=9655"},{"taxonomy":"tribe_events_cat","embeddable":true,"href":"https:\/\/citedesrocheuses.com\/en\/wp-json\/wp\/v2\/tribe_events_cat?post=9655"}],"curies":[{"name":"wp","href":"https:\/\/api.w.org\/{rel}","templated":true}]}}